{"version":"1.0","provider_name":"Kert\u00e9szl\u00e1ny","provider_url":"https:\/\/kerteszlany.cafeblog.hu","author_name":"hamorikriszta","author_url":"https:\/\/kerteszlany.cafeblog.hu\/author\/hamorikriszta\/","title":"Vari\u00e1ci\u00f3k egy t\u00e9m\u00e1ra","html":"<p>Utaz\u00e1saim sor\u00e1n m\u00e1r t\u00f6bbsz\u00f6r \"szememre vetett\u00e9k\", hogy nem tudok elvonatkoztatni a hivat\u00e1somt\u00f3l, b\u00e1rmerre j\u00e1rok, el\u0151sz\u00f6r mindig a kerteket, n\u00f6v\u00e9nyeket veszem \u00e9szre. Hi\u00e1ba na, ha az ember megtal\u00e1lja a t\u00e9nyleg hozz\u00e1ill\u0151 munk\u00e1t, akkor az egyben a szenved\u00e9lye is lesz.<\/p>\r\n<p>A h\u00e9tv\u00e9g\u00e9n Londonban j\u00e1rtam. Az els\u0151dleges c\u00e9lom az volt, hogy meglepjem az \u00f6cs\u00e9met, aki a feles\u00e9g\u00e9vel m\u00e1sf\u00e9l \u00e9ve \u00e9l ott, \u00e9s m\u00e9g nem l\u00e1tt\u00e1k a fiamat, pedig Dani m\u00e1r 4,5 h\u00f3napos. A meglepet\u00e9s siker\u00fclt, \u00f6cs\u00e9m enyhe sokkot kapott, s\u00f3gorn\u0151m megk\u00f6nnyebb\u00fclt, hogy nem kell tov\u00e1bb titkol\u00f3znia, \u00e9n is megnyugodtam, hogy nem is olyan v\u00e9szes pici bab\u00e1val rep\u00fclni \u00e9s t\u00f6megk\u00f6zlekedni (itthon m\u00e9g csak buszon sem \u00fclt\u00fcnk, mindig csak az aut\u00f3 meg a s\u00e9ta).<\/p>\r\n<p>T\u00fal a nagy tal\u00e1lkoz\u00e1s okozta izgalmakon el\u0151ker\u00fclt a szok\u00e1sos \"szem\u00fcvegem\": n\u00e9zd m\u00e1r, vir\u00e1gzik a t\u00e9li j\u00e1zmin! H\u00fa, mekkora araucaria! De j\u00f3l n\u00e9z ki ez a bab\u00e9rsom s\u00f6v\u00e9ny!<\/p>\r\n<p>Azt\u00e1n megl\u00e1ttam ezt a t\u00e9glaker\u00edt\u00e9st:<\/p>\r\n<p style=\"text-align: center\"><a href=\"https:\/\/kerteszlany.cafeblog.hu\/files\/2015\/12\/20151127_104053.jpg\"><img class=\"alignnone size-medium wp-image-24\" src=\"https:\/\/kerteszlany.cafeblog.hu\/files\/2015\/12\/20151127_104053-300x225.jpg\" alt=\"20151127_104053\" width=\"300\" height=\"225\" \/><\/a><\/p>\r\n<p>Az els\u0151 gondolatom az volt, hogy milyen kreat\u00edv felhaszn\u00e1l\u00e1sa ez a t\u00f6r\u00f6tt bontott t\u00e9gl\u00e1nak. Rusztikus is, egyedi is. Nekem val\u00f3. Persze lefot\u00f3zni csak k\u00e9s\u0151bb jutott eszembe. Sebaj, \u00fagyis \u00e9pp s\u00e9t\u00e1ltunk. Visszafordultunk, csin\u00e1ltam n\u00e9h\u00e1ny k\u00e9pet, \u00e9s ezzel elindult a lavina.<\/p>\r\n<p>Hopp, ez is t\u00e9glaker\u00edt\u00e9s. Meg ez is. \u00c9s mennyire m\u00e1s. Keskenyebb, sz\u00e9lesebb, \u00faj \u00e9s r\u00e9gi, a l\u00e9nyeg, hogy k\u00e9t egyform\u00e1val nem tal\u00e1lkoztam:<\/p>\r\n<p><a href=\"https:\/\/kerteszlany.cafeblog.hu\/files\/2015\/12\/20151129_130601.jpg\"><img class=\"size-medium wp-image-31 aligncenter\" src=\"https:\/\/kerteszlany.cafeblog.hu\/files\/2015\/12\/20151129_130601-300x225.jpg\" alt=\"20151129_130601\" width=\"300\" height=\"225\" \/><\/a><\/p>\r\n<p><a href=\"https:\/\/kerteszlany.cafeblog.hu\/files\/2015\/12\/20151129_130356.jpg\"><img class=\"size-medium wp-image-30 aligncenter\" src=\"https:\/\/kerteszlany.cafeblog.hu\/files\/2015\/12\/20151129_130356-300x225.jpg\" alt=\"20151129_130356\" width=\"300\" height=\"225\" \/><\/a><\/p>\r\n<p><a href=\"https:\/\/kerteszlany.cafeblog.hu\/files\/2015\/12\/20151129_124107.jpg\"><img class=\"size-medium wp-image-29 aligncenter\" src=\"https:\/\/kerteszlany.cafeblog.hu\/files\/2015\/12\/20151129_124107-300x225.jpg\" alt=\"20151129_124107\" width=\"300\" height=\"225\" \/><\/a><\/p>\r\n<p><a href=\"https:\/\/kerteszlany.cafeblog.hu\/files\/2015\/12\/20151129_121213.jpg\"><img class=\"size-medium wp-image-28 aligncenter\" src=\"https:\/\/kerteszlany.cafeblog.hu\/files\/2015\/12\/20151129_121213-300x225.jpg\" alt=\"20151129_121213\" width=\"300\" height=\"225\" \/><\/a><\/p>\r\n<p><a href=\"https:\/\/kerteszlany.cafeblog.hu\/files\/2015\/12\/20151129_120943.jpg\"><img class=\"size-medium wp-image-27 aligncenter\" src=\"https:\/\/kerteszlany.cafeblog.hu\/files\/2015\/12\/20151129_120943-300x229.jpg\" alt=\"20151129_120943\" width=\"300\" height=\"229\" \/><\/a><\/p>\r\n<p><a href=\"https:\/\/kerteszlany.cafeblog.hu\/files\/2015\/12\/20151127_115802.jpg\"><img class=\"size-medium wp-image-26 aligncenter\" src=\"https:\/\/kerteszlany.cafeblog.hu\/files\/2015\/12\/20151127_115802-300x225.jpg\" alt=\"20151127_115802\" width=\"300\" height=\"225\" \/><\/a><\/p>\r\n<p>Hi\u00e1ba na, tetszenek a rendezett kis el\u0151kertek, \u00e9s az, hogy ugyanabb\u00f3l az anyagb\u00f3l mennyi mindent ki lehet hozni.<\/p>\r\n<p>Az egyik utc\u00e1ban azt\u00e1n r\u00e1bukkantam erre a verzi\u00f3ra, ami azonnal a kedvencem lett:<\/p>\r\n<p style=\"text-align: center\"><a href=\"https:\/\/kerteszlany.cafeblog.hu\/files\/2015\/12\/20151127_115639.jpg\"><img class=\"alignnone size-medium wp-image-25\" src=\"https:\/\/kerteszlany.cafeblog.hu\/files\/2015\/12\/20151127_115639-300x225.jpg\" alt=\"20151127_115639\" width=\"300\" height=\"225\" \/><\/a><\/p>\r\n<p>T\u00e9glaker\u00edt\u00e9sre fel!<\/p>","type":"rich"}